{"id":798,"date":"2024-07-14T20:41:48","date_gmt":"2024-07-14T20:41:48","guid":{"rendered":"https:\/\/commongroundnetwork.ca\/accueil\/"},"modified":"2025-03-23T17:24:25","modified_gmt":"2025-03-23T17:24:25","slug":"accueil","status":"publish","type":"page","link":"https:\/\/commongroundnetwork.ca\/fr\/","title":{"rendered":"Accueil"},"content":{"rendered":"\t\t<div data-elementor-type=\"wp-page\" data-elementor-id=\"798\" class=\"elementor elementor-798 elementor-8\" data-elementor-post-type=\"page\">\n\t\t\t\t<div class=\"elementor-element elementor-element-0963d69 e-flex e-con-boxed e-con e-parent\" data-id=\"0963d69\" data-element_type=\"container\" data-e-type=\"container\">\n\t\t\t\t\t<div class=\"e-con-inner\">\n\t\t<div class=\"elementor-element elementor-element-1607ffb e-con-full e-flex e-con e-child\" data-id=\"1607ffb\" data-element_type=\"container\" data-e-type=\"container\">\n\t\t<div class=\"elementor-element elementor-element-639466c e-con-full e-flex e-con e-child\" data-id=\"639466c\" data-element_type=\"container\" data-e-type=\"container\">\n\t\t\t\t<div class=\"elementor-element elementor-element-7077247 elementor-widget elementor-widget-heading\" data-id=\"7077247\" data-element_type=\"widget\" data-e-type=\"widget\" data-widget_type=\"heading.default\">\n\t\t\t\t<div class=\"elementor-widget-container\">\n\t\t\t\t\t<h2 class=\"elementor-heading-title elementor-size-default\">Objectif du r\u00e9seau<\/h2>\t\t\t\t<\/div>\n\t\t\t\t<\/div>\n\t\t\t\t<div class=\"elementor-element elementor-element-6fcb759 elementor-widget elementor-widget-text-editor\" data-id=\"6fcb759\" data-element_type=\"widget\" data-e-type=\"widget\" data-widget_type=\"text-editor.default\">\n\t\t\t\t<div class=\"elementor-widget-container\">\n\t\t\t\t\t\t\t\t\t<p>L\u2019objectif du R\u00e9seau terrain d\u2019entente est d\u2019accro\u00eetre l\u2019accessibilit\u00e9 et l\u2019utilisation r\u00e9elle de l\u2019expertise en sciences humaines dans la recherche strat\u00e9gique d\u2019une agriculture, d\u2019une sylviculture, d\u2019une p\u00eache et de syst\u00e8mes alimentaires durables afin de soutenir une transition juste vers une \u00e9conomie nette z\u00e9ro d\u2019un oc\u00e9an \u00e0 l\u2019autre.<\/p><p>Lanc\u00e9 \u00e0 l\u2019automne 2024, ce r\u00e9seau est financ\u00e9 pour 5 ans par le Conseil de recherches en sciences humaines (CRSH), en partenariat avec Agriculture et Agroalimentaire Canada (AAC).<\/p>\t\t\t\t\t\t\t\t<\/div>\n\t\t\t\t<\/div>\n\t\t\t\t<div class=\"elementor-element elementor-element-3614adf elementor-widget elementor-widget-text-editor\" data-id=\"3614adf\" data-element_type=\"widget\" data-e-type=\"widget\" data-widget_type=\"text-editor.default\">\n\t\t\t\t<div class=\"elementor-widget-container\">\n\t\t\t\t\t\t\t\t\t<h5 style=\"text-align: center;\"><span style=\"color: #013d5a;\">R\u00e9seau terrain d\u2019entente rassemble : <br>Des chercheurs en sciences humaines et des acteurs de l&rsquo;agriculture, de la p\u00eache, de la sylviculture et des syst\u00e8mes alimentaires, y compris des organisations civiques\/communautaires, des gouvernements, des organisations industrielles et des communaut\u00e9s indig\u00e8nes et autochtones, <br>pour poursuivre les <span style=\"text-decoration: underline;\">quatre objectifs sp\u00e9cifiques<\/span> suivants :<\/span><\/h5><p style=\"padding-left: 40px;\"><strong>(1) <em>formaliser et coordonner<\/em><\/strong> l&rsquo;expertise en sciences humaines dans le domaine de l&rsquo;agriculture, de la p\u00eache, de la sylviculture et des syst\u00e8mes alimentaires durables, de sorte qu&rsquo;il y ait une discussion, une compr\u00e9hension et, dans la mesure du possible, un alignement autour d&rsquo;hypoth\u00e8ses, de principes, d&rsquo;objectifs, de strat\u00e9gies et de mesures partag\u00e9s ;<\/p><p style=\"padding-left: 40px;\"><strong>(2) <em>\u00e9tablir les liens<\/em><\/strong> n\u00e9cessaires entre les chercheurs en sciences humaines, les autres disciplines et les autres groupes concern\u00e9s par l&rsquo;agriculture, la p\u00eache, la sylviculture et les syst\u00e8mes alimentaires afin de permettre la circulation des connaissances, d&rsquo;identifier les lacunes en mati\u00e8re de connaissances, d&rsquo;accro\u00eetre la collaboration et de lancer de nouvelles recherches sur les questions li\u00e9es aux syst\u00e8mes alimentaires durables dans l&rsquo;ensemble du Canada et des territoires autochtones ;<\/p><p style=\"padding-left: 40px;\"><strong>(3)<\/strong> travailler en partenariat pour <strong><em>\u00e9laborer des buts et des objectifs holistiques en mati\u00e8re de durabilit\u00e9<\/em><\/strong> qui englobent non seulement la r\u00e9duction des \u00e9missions de carbone, mais aussi les relations sociales ad\u00e9quates pour soutenir le passage \u00e0 une situation \u00ab\u00a0plus que\u00a0\u00bb nette z\u00e9ro ; et<\/p><p style=\"padding-left: 40px;\"><strong>(4) <em>orienter les ressources<\/em><\/strong> l\u00e0 o\u00f9 elles sont le plus n\u00e9cessaires et o\u00f9 elles ont le plus d&rsquo;impact dans cette communaut\u00e9 nouvellement align\u00e9e et coordonn\u00e9e.<\/p>\t\t\t\t\t\t\t\t<\/div>\n\t\t\t\t<\/div>\n\t\t\t\t<\/div>\n\t\t\t\t<\/div>\n\t\t<div class=\"elementor-element elementor-element-921f3b1 e-con-full e-flex e-con e-child\" data-id=\"921f3b1\" data-element_type=\"container\" data-e-type=\"container\">\n\t\t<div class=\"elementor-element elementor-element-5516e76 e-con-full e-flex e-con e-child\" data-id=\"5516e76\" data-element_type=\"container\" data-e-type=\"container\">\n\t\t\t\t<div class=\"elementor-element elementor-element-83ec99b elementor-widget elementor-widget-heading\" data-id=\"83ec99b\" data-element_type=\"widget\" data-e-type=\"widget\" data-widget_type=\"heading.default\">\n\t\t\t\t<div class=\"elementor-widget-container\">\n\t\t\t\t\t<h2 class=\"elementor-heading-title elementor-size-default\">Prochaines bouch\u00e9es<\/h2>\t\t\t\t<\/div>\n\t\t\t\t<\/div>\n\t\t\t\t<\/div>\n\t\t<div class=\"elementor-element elementor-element-69e0d7e e-grid e-con-full e-con e-child\" data-id=\"69e0d7e\" data-element_type=\"container\" data-e-type=\"container\">\n\t\t\t\t<div class=\"elementor-element elementor-element-559f71d elementor-grid-2 elementor-grid-tablet-2 elementor-grid-mobile-1 elementor-posts--thumbnail-top elementor-widget elementor-widget-posts\" data-id=\"559f71d\" data-element_type=\"widget\" data-e-type=\"widget\" data-settings=\"{&quot;classic_columns&quot;:&quot;2&quot;,&quot;classic_columns_tablet&quot;:&quot;2&quot;,&quot;classic_columns_mobile&quot;:&quot;1&quot;,&quot;classic_row_gap&quot;:{&quot;unit&quot;:&quot;px&quot;,&quot;size&quot;:35,&quot;sizes&quot;:[]},&quot;classic_row_gap_tablet&quot;:{&quot;unit&quot;:&quot;px&quot;,&quot;size&quot;:&quot;&quot;,&quot;sizes&quot;:[]},&quot;classic_row_gap_mobile&quot;:{&quot;unit&quot;:&quot;px&quot;,&quot;size&quot;:&quot;&quot;,&quot;sizes&quot;:[]}}\" data-widget_type=\"posts.classic\">\n\t\t\t\t<div class=\"elementor-widget-container\">\n\t\t\t\t\t\t\t<div class=\"elementor-posts-container elementor-posts elementor-posts--skin-classic elementor-grid\" role=\"list\">\n\t\t\t\t<article class=\"elementor-post elementor-grid-item post-1446 post type-post status-publish format-standard hentry category-non-classifiee\" role=\"listitem\">\n\t\t\t\t<div class=\"elementor-post__text\">\n\t\t\t\t<h2 class=\"elementor-post__title\">\n\t\t\t<a href=\"https:\/\/commongroundnetwork.ca\/fr\/2026\/04\/22\/forum-alimentaire-terrain-dentente\/\" >\n\t\t\t\tForum alimentaire Terrain d&rsquo;entente\t\t\t<\/a>\n\t\t<\/h2>\n\t\t\t\t<div class=\"elementor-post__meta-data\">\n\t\t\t\t\t<span class=\"elementor-post-date\">\n\t\t\t22 avril 2026\t\t<\/span>\n\t\t\t\t<\/div>\n\t\t\t\t<div class=\"elementor-post__excerpt\">\n\t\t\t<p>15 \u2013 18 juin 2026 Orillia, ON Le Forum alimentaire Terrain d\u2019entente est un projet cl\u00e9 du R\u00e9seau terrain d\u2019entente. L\u2019alimentation est intrins\u00e8quement sociale, impliquant<\/p>\n\t\t<\/div>\n\t\t\n\t\t<a class=\"elementor-post__read-more\" href=\"https:\/\/commongroundnetwork.ca\/fr\/2026\/04\/22\/forum-alimentaire-terrain-dentente\/\" aria-label=\"En savoir plus sur Forum alimentaire Terrain d&rsquo;entente\" tabindex=\"-1\" >\n\t\t\tLire la suite \"\t\t<\/a>\n\n\t\t\t\t<\/div>\n\t\t\t\t<\/article>\n\t\t\t\t<article class=\"elementor-post elementor-grid-item post-1429 post type-post status-publish format-standard hentry category-non-classifiee\" role=\"listitem\">\n\t\t\t\t<div class=\"elementor-post__text\">\n\t\t\t\t<h2 class=\"elementor-post__title\">\n\t\t\t<a href=\"https:\/\/commongroundnetwork.ca\/fr\/2026\/03\/06\/roundtable-critical-perspectives-on-net-zero-and-beyond-net-zero-in-canadian-agriculture-and-food-systems\/\" >\n\t\t\t\tRoundtable: Critical Perspectives on Net Zero and \u2018Beyond Net Zero\u2019 in Canadian Agriculture and Food Systems\t\t\t<\/a>\n\t\t<\/h2>\n\t\t\t\t<div class=\"elementor-post__meta-data\">\n\t\t\t\t\t<span class=\"elementor-post-date\">\n\t\t\t6 mars 2026\t\t<\/span>\n\t\t\t\t<\/div>\n\t\t\t\t<div class=\"elementor-post__excerpt\">\n\t\t\t<p>Les membres du r\u00e9seau Terrain d\u2019entente se sont r\u00e9unis \u00e0 l\u2019AC\u00c9A pour une table ronde sur le th\u00e8me \u00ab Perspectives critiques sur la neutralit\u00e9 carbone<\/p>\n\t\t<\/div>\n\t\t\n\t\t<a class=\"elementor-post__read-more\" href=\"https:\/\/commongroundnetwork.ca\/fr\/2026\/03\/06\/roundtable-critical-perspectives-on-net-zero-and-beyond-net-zero-in-canadian-agriculture-and-food-systems\/\" aria-label=\"En savoir plus sur Roundtable: Critical Perspectives on Net Zero and \u2018Beyond Net Zero\u2019 in Canadian Agriculture and Food Systems\" tabindex=\"-1\" >\n\t\t\tLire la suite \"\t\t<\/a>\n\n\t\t\t\t<\/div>\n\t\t\t\t<\/article>\n\t\t\t\t<article class=\"elementor-post elementor-grid-item post-1417 post type-post status-publish format-standard hentry category-non-classifiee\" role=\"listitem\">\n\t\t\t\t<div class=\"elementor-post__text\">\n\t\t\t\t<h2 class=\"elementor-post__title\">\n\t\t\t<a href=\"https:\/\/commongroundnetwork.ca\/fr\/2026\/03\/06\/webinaire-dune-transition-juste-dans-lagriculture-et-les-systemes-alimentaires\/\" >\n\t\t\t\tWebinaire : D\u2019une transition juste dans l\u2019agriculture et les syst\u00e8mes alimentaires\t\t\t<\/a>\n\t\t<\/h2>\n\t\t\t\t<div class=\"elementor-post__meta-data\">\n\t\t\t\t\t<span class=\"elementor-post-date\">\n\t\t\t6 mars 2026\t\t<\/span>\n\t\t\t\t<\/div>\n\t\t\t\t<div class=\"elementor-post__excerpt\">\n\t\t\t<p>Discuter d\u2019une transition juste dans l\u2019agriculture et les syst\u00e8mes alimentaires Une transition juste vers la carboneutralit\u00e9 doit \u00eatre \u00e9quitable, inclusive et aller \u00ab\u2009au-del\u00e0 du carboneutre\u2009\u00bb<\/p>\n\t\t<\/div>\n\t\t\n\t\t<a class=\"elementor-post__read-more\" href=\"https:\/\/commongroundnetwork.ca\/fr\/2026\/03\/06\/webinaire-dune-transition-juste-dans-lagriculture-et-les-systemes-alimentaires\/\" aria-label=\"En savoir plus sur Webinaire : D\u2019une transition juste dans l\u2019agriculture et les syst\u00e8mes alimentaires\" tabindex=\"-1\" >\n\t\t\tLire la suite \"\t\t<\/a>\n\n\t\t\t\t<\/div>\n\t\t\t\t<\/article>\n\t\t\t\t<article class=\"elementor-post elementor-grid-item post-1407 post type-post status-publish format-standard hentry category-non-classifiee\" role=\"listitem\">\n\t\t\t\t<div class=\"elementor-post__text\">\n\t\t\t\t<h2 class=\"elementor-post__title\">\n\t\t\t<a href=\"https:\/\/commongroundnetwork.ca\/fr\/2026\/03\/06\/webinaire-systemes-alimentaires-territoriaux\/\" >\n\t\t\t\tWebinaire: Syst\u00e8mes alimentaires territoriaux\t\t\t<\/a>\n\t\t<\/h2>\n\t\t\t\t<div class=\"elementor-post__meta-data\">\n\t\t\t\t\t<span class=\"elementor-post-date\">\n\t\t\t6 mars 2026\t\t<\/span>\n\t\t\t\t<\/div>\n\t\t\t\t<div class=\"elementor-post__excerpt\">\n\t\t\t<p>Syst\u00e8mes alimentaires territoriaux pour une plus grande autonomie, r\u00e9silience et durabilit\u00e9 alimentaires Les syst\u00e8mes alimentaires territoriaux apparaissent comme une approche visant \u00e0 r\u00e9gionaliser les syst\u00e8mes<\/p>\n\t\t<\/div>\n\t\t\n\t\t<a class=\"elementor-post__read-more\" href=\"https:\/\/commongroundnetwork.ca\/fr\/2026\/03\/06\/webinaire-systemes-alimentaires-territoriaux\/\" aria-label=\"En savoir plus sur Webinaire: Syst\u00e8mes alimentaires territoriaux\" tabindex=\"-1\" >\n\t\t\tLire la suite \"\t\t<\/a>\n\n\t\t\t\t<\/div>\n\t\t\t\t<\/article>\n\t\t\t\t<article class=\"elementor-post elementor-grid-item post-1137 post type-post status-publish format-standard has-post-thumbnail hentry category-non-classifiee\" role=\"listitem\">\n\t\t\t\t<a class=\"elementor-post__thumbnail__link\" href=\"https:\/\/commongroundnetwork.ca\/fr\/2025\/05\/17\/table-ronde-perspectives-critiques-au-sujet-de-zero-net-et-au-dela-de-zero-net-pour-les-systemes-agricoles-et-alimentaires-canadiens\/\" tabindex=\"-1\" >\n\t\t\t<div class=\"elementor-post__thumbnail\"><img fetchpriority=\"high\" decoding=\"async\" width=\"300\" height=\"285\" src=\"https:\/\/commongroundnetwork.ca\/wp-content\/uploads\/2025\/03\/table-300x285.png\" class=\"attachment-medium size-medium wp-image-1084\" alt=\"\" srcset=\"https:\/\/commongroundnetwork.ca\/wp-content\/uploads\/2025\/03\/table-300x285.png 300w, https:\/\/commongroundnetwork.ca\/wp-content\/uploads\/2025\/03\/table.png 411w\" sizes=\"(max-width: 300px) 100vw, 300px\" \/><\/div>\n\t\t<\/a>\n\t\t\t\t<div class=\"elementor-post__text\">\n\t\t\t\t<h2 class=\"elementor-post__title\">\n\t\t\t<a href=\"https:\/\/commongroundnetwork.ca\/fr\/2025\/05\/17\/table-ronde-perspectives-critiques-au-sujet-de-zero-net-et-au-dela-de-zero-net-pour-les-systemes-agricoles-et-alimentaires-canadiens\/\" >\n\t\t\t\tTable ronde : Perspectives critiques au sujet de z\u00e9ro net et \u00ab au-del\u00e0 de z\u00e9ro net pour les syst\u00e8mes agricoles et alimentaires canadiens\t\t\t<\/a>\n\t\t<\/h2>\n\t\t\t\t<div class=\"elementor-post__meta-data\">\n\t\t\t\t\t<span class=\"elementor-post-date\">\n\t\t\t17 mai 2025\t\t<\/span>\n\t\t\t\t<\/div>\n\t\t\t\t<div class=\"elementor-post__excerpt\">\n\t\t\t<p>Jeudi 5 juin9-10h30 Lors de la conf\u00e9rence de l&rsquo; Association canadienne des \u00e9tudes sur l&rsquo;alimentation (du 2 au 5 juin 2025 au George Brown College<\/p>\n\t\t<\/div>\n\t\t\n\t\t<a class=\"elementor-post__read-more\" href=\"https:\/\/commongroundnetwork.ca\/fr\/2025\/05\/17\/table-ronde-perspectives-critiques-au-sujet-de-zero-net-et-au-dela-de-zero-net-pour-les-systemes-agricoles-et-alimentaires-canadiens\/\" aria-label=\"En savoir plus sur Table ronde : Perspectives critiques au sujet de z\u00e9ro net et \u00ab au-del\u00e0 de z\u00e9ro net pour les syst\u00e8mes agricoles et alimentaires canadiens\" tabindex=\"-1\" >\n\t\t\tLire la suite \"\t\t<\/a>\n\n\t\t\t\t<\/div>\n\t\t\t\t<\/article>\n\t\t\t\t<article class=\"elementor-post elementor-grid-item post-1213 post type-post status-publish format-standard hentry category-non-classifiee\" role=\"listitem\">\n\t\t\t\t<div class=\"elementor-post__text\">\n\t\t\t\t<h2 class=\"elementor-post__title\">\n\t\t\t<a href=\"https:\/\/commongroundnetwork.ca\/fr\/2025\/05\/14\/enregistrement-du-webinaire-assurer-une-plus-grande-resilience-des-systemes-alimentaires-canadiens-pendant-une-guerre-commerciale\/\" >\n\t\t\t\tEnregistrement du webinaire : Assurer une plus grande r\u00e9silience des syst\u00e8mes alimentaires canadiens pendant une guerre commerciale\t\t\t<\/a>\n\t\t<\/h2>\n\t\t\t\t<div class=\"elementor-post__meta-data\">\n\t\t\t\t\t<span class=\"elementor-post-date\">\n\t\t\t14 mai 2025\t\t<\/span>\n\t\t\t\t<\/div>\n\t\t\t\t<div class=\"elementor-post__excerpt\">\n\t\t\t<p>Le r\u00e9seau Terrain d\u2019entente a organis\u00e9 une table ronde intitul\u00e9e \u00ab Assurer une plus grande r\u00e9silience des syst\u00e8mes alimentaires canadiens pendant une guerre commerciale \u00bb<\/p>\n\t\t<\/div>\n\t\t\n\t\t<a class=\"elementor-post__read-more\" href=\"https:\/\/commongroundnetwork.ca\/fr\/2025\/05\/14\/enregistrement-du-webinaire-assurer-une-plus-grande-resilience-des-systemes-alimentaires-canadiens-pendant-une-guerre-commerciale\/\" aria-label=\"En savoir plus sur Enregistrement du webinaire : Assurer une plus grande r\u00e9silience des syst\u00e8mes alimentaires canadiens pendant une guerre commerciale\" tabindex=\"-1\" >\n\t\t\tLire la suite \"\t\t<\/a>\n\n\t\t\t\t<\/div>\n\t\t\t\t<\/article>\n\t\t\t\t<\/div>\n\t\t\n\t\t\t\t\t\t<\/div>\n\t\t\t\t<\/div>\n\t\t\t\t<\/div>\n\t\t\t\t<\/div>\n\t\t\t\t\t<\/div>\n\t\t\t\t<\/div>\n\t\t<div class=\"elementor-element elementor-element-d485c3d e-flex e-con-boxed e-con e-parent\" data-id=\"d485c3d\" data-element_type=\"container\" data-e-type=\"container\">\n\t\t\t\t\t<div class=\"e-con-inner\">\n\t\t\t\t<div class=\"elementor-element elementor-element-1427174 elementor-widget elementor-widget-spacer\" data-id=\"1427174\" data-element_type=\"widget\" data-e-type=\"widget\" data-widget_type=\"spacer.default\">\n\t\t\t\t<div class=\"elementor-widget-container\">\n\t\t\t\t\t\t\t<div class=\"elementor-spacer\">\n\t\t\t<div class=\"elementor-spacer-inner\"><\/div>\n\t\t<\/div>\n\t\t\t\t\t\t<\/div>\n\t\t\t\t<\/div>\n\t\t\t\t\t<\/div>\n\t\t\t\t<\/div>\n\t\t\t\t<\/div>\n\t\t","protected":false},"excerpt":{"rendered":"<p>Objectif du r\u00e9seau L\u2019objectif du R\u00e9seau terrain d\u2019entente est d\u2019accro\u00eetre l\u2019accessibilit\u00e9 et l\u2019utilisation r\u00e9elle de l\u2019expertise en sciences humaines dans la recherche strat\u00e9gique d\u2019une agriculture, d\u2019une sylviculture, d\u2019une p\u00eache et de syst\u00e8mes alimentaires durables afin de soutenir une transition juste vers une \u00e9conomie nette z\u00e9ro d\u2019un oc\u00e9an \u00e0 l\u2019autre. Lanc\u00e9 \u00e0 l\u2019automne 2024, ce r\u00e9seau [&hellip;]<\/p>\n","protected":false},"author":1,"featured_media":0,"parent":0,"menu_order":0,"comment_status":"closed","ping_status":"closed","template":"","meta":{"footnotes":""},"class_list":["post-798","page","type-page","status-publish","hentry"],"_links":{"self":[{"href":"https:\/\/commongroundnetwork.ca\/fr\/wp-json\/wp\/v2\/pages\/798","targetHints":{"allow":["GET"]}}],"collection":[{"href":"https:\/\/commongroundnetwork.ca\/fr\/wp-json\/wp\/v2\/pages"}],"about":[{"href":"https:\/\/commongroundnetwork.ca\/fr\/wp-json\/wp\/v2\/types\/page"}],"author":[{"embeddable":true,"href":"https:\/\/commongroundnetwork.ca\/fr\/wp-json\/wp\/v2\/users\/1"}],"replies":[{"embeddable":true,"href":"https:\/\/commongroundnetwork.ca\/fr\/wp-json\/wp\/v2\/comments?post=798"}],"version-history":[{"count":14,"href":"https:\/\/commongroundnetwork.ca\/fr\/wp-json\/wp\/v2\/pages\/798\/revisions"}],"predecessor-version":[{"id":1198,"href":"https:\/\/commongroundnetwork.ca\/fr\/wp-json\/wp\/v2\/pages\/798\/revisions\/1198"}],"wp:attachment":[{"href":"https:\/\/commongroundnetwork.ca\/fr\/wp-json\/wp\/v2\/media?parent=798"}],"curies":[{"name":"wp","href":"https:\/\/api.w.org\/{rel}","templated":true}]}}